{"id":115,"date":"2026-08-31T09:58:25","date_gmt":"2026-08-31T09:58:25","guid":{"rendered":"https:\/\/cuisinevoyageuse.fr\/?page_id=115"},"modified":"2026-08-31T12:38:48","modified_gmt":"2026-08-31T12:38:48","slug":"plats-sur-commande","status":"publish","type":"page","link":"https:\/\/cuisinevoyageuse.fr\/?page_id=115","title":{"rendered":"Plats sur commande"},"content":{"rendered":"\n<h2 class=\"wp-block-heading\">Un repas de famille \u00e0 pr\u00e9parer ? Envie d&rsquo;inviter des amis sans faire la cuisine ?<\/h2>\n\n\n\n<figure class=\"wp-block-image aligncenter size-full\"><img loading=\"lazy\" decoding=\"async\" width=\"434\" height=\"291\" src=\"http:\/\/cuisinevoyageuse.fr\/wp-content\/uploads\/2026\/08\/buffet-01.png\" alt=\"buffet 01\" class=\"wp-image-118\" srcset=\"https:\/\/cuisinevoyageuse.fr\/wp-content\/uploads\/2026\/08\/buffet-01.png 434w, https:\/\/cuisinevoyageuse.fr\/wp-content\/uploads\/2026\/08\/buffet-01-300x201.png 300w\" sizes=\"auto, (max-width: 434px) 100vw, 434px\" \/><\/figure>\n\n\n\n<div class=\"wp-block-columns has-background is-layout-flex wp-container-core-columns-is-layout-995f960e wp-block-columns-is-layout-flex\" style=\"border-top-left-radius:142px;border-top-right-radius:142px;border-bottom-left-radius:142px;border-bottom-right-radius:142px;background-color:#dfa69f\">\n<div class=\"wp-block-column is-layout-flow wp-block-column-is-layout-flow\" style=\"border-top-left-radius:194px;border-top-right-radius:194px;border-bottom-left-radius:194px;border-bottom-right-radius:194px;flex-basis:100%\">\n<p class=\"has-text-align-center alignfull wp-block-paragraph\" style=\"border-style:none;border-width:0px;border-top-left-radius:0px;border-top-right-radius:0px;border-bottom-left-radius:0px;border-bottom-right-radius:0px\">Nous vous proposons toute une s\u00e9rie de plats sur commande, en livraison ou \u00e0 emporter.<br>Le mieux est de nous pr\u00e9venir quelques jours \u00e0 l&rsquo;avance, le temps pour nous de nous organiser.<\/p>\n<\/div>\n<\/div>\n\n\n\n<p class=\"wp-block-paragraph\">Certains plats ont un minimum de portions \u00e0 commander.<br>Et si vous n&rsquo;\u00eates pas assez nombreux, pourquoi ne pas vous organiser avec vos amis pour faire un achat group\u00e9 ?<\/p>\n\n\n\n<h2 class=\"wp-block-heading\">Cuisine voyageuse vous propose<\/h2>\n\n\n\n<p class=\"wp-block-paragraph\">Liste de plats<\/p>\n\n\n\n<h2 class=\"wp-block-heading\">Les sp\u00e9cialit\u00e9s que Marthe aime vous proposer<\/h2>\n\n\n\n<p class=\"wp-block-paragraph\">Liste de plats<\/p>\n\n\n\n<h2 class=\"wp-block-heading\">Les sp\u00e9cialit\u00e9s que St\u00e9phane aime vous proposer<\/h2>\n\n\n\n<p class=\"wp-block-paragraph\">Liste de plats<\/p>\n","protected":false},"excerpt":{"rendered":"<p>Traiteur \u00e0 emporter, \u00e0 Die (Dr\u00f4me), traiteur \u00e9v\u00e9nementiel, cuisine \u00e0 domicile. Cuisine voyageuse, c&rsquo;est l&rsquo;histoire de Marthe et St\u00e9phane, cuisinier(\u00e8re)s de m\u00e9tiers, qui d\u00e9cident de mettre en commun leurs moyens et leur \u00e9nergie pour vous offrir, chacun \u00e0 leur mani\u00e8re, une cuisine g\u00e9n\u00e9reuse et riche de saveurs.<\/p>\n","protected":false},"author":1,"featured_media":0,"parent":0,"menu_order":0,"comment_status":"closed","ping_status":"closed","template":"","meta":{"footnotes":""},"class_list":["post-115","page","type-page","status-publish","hentry"],"blocksy_meta":{"styles_descriptor":{"styles":{"desktop":"","tablet":"","mobile":""},"google_fonts":[],"version":7}},"yoast_head":"<!-- This site is optimized with the Yoast SEO plugin v28.3 - https:\/\/yoast.com\/product\/yoast-seo-wordpress\/ -->\n<title>Plats sur commande - Cuisine voyageuse<\/title>\n<meta name=\"description\" content=\"Traiteur \u00e0 emporter, \u00e0 Die (Dr\u00f4me), traiteur \u00e9v\u00e9nementiel, cuisine \u00e0 domicile. Cuisine voyageuse, c&#039;est l&#039;histoire de Marthe et St\u00e9phane, cuisinier(\u00e8re)s de m\u00e9tiers, qui d\u00e9cident de mettre en commun leurs moyens et leur \u00e9nergie pour vous offrir, chacun \u00e0 leur mani\u00e8re, une cuisine g\u00e9n\u00e9reuse et riche de saveurs.\" \/>\n<meta name=\"robots\" content=\"index, follow, max-snippet:-1, max-image-preview:large, max-video-preview:-1\" \/>\n<link rel=\"canonical\" href=\"https:\/\/cuisinevoyageuse.fr\/?page_id=115\" \/>\n<meta property=\"og:locale\" content=\"fr_FR\" \/>\n<meta property=\"og:type\" content=\"article\" \/>\n<meta property=\"og:title\" content=\"Plats sur commande - Cuisine voyageuse\" \/>\n<meta property=\"og:description\" content=\"Traiteur \u00e0 emporter, \u00e0 Die (Dr\u00f4me), traiteur \u00e9v\u00e9nementiel, cuisine \u00e0 domicile. Cuisine voyageuse, c&#039;est l&#039;histoire de Marthe et St\u00e9phane, cuisinier(\u00e8re)s de m\u00e9tiers, qui d\u00e9cident de mettre en commun leurs moyens et leur \u00e9nergie pour vous offrir, chacun \u00e0 leur mani\u00e8re, une cuisine g\u00e9n\u00e9reuse et riche de saveurs.\" \/>\n<meta property=\"og:url\" content=\"https:\/\/cuisinevoyageuse.fr\/?page_id=115\" \/>\n<meta property=\"og:site_name\" content=\"Cuisine voyageuse\" \/>\n<meta property=\"article:publisher\" content=\"https:\/\/www.facebook.com\/profile.php?id=61563345862076\" \/>\n<meta property=\"article:modified_time\" content=\"2026-08-31T12:38:48+00:00\" \/>\n<meta property=\"og:image\" content=\"https:\/\/cuisinevoyageuse.fr\/wp-content\/uploads\/2026\/08\/buffet-01.png\" \/>\n\t<meta property=\"og:image:width\" content=\"434\" \/>\n\t<meta property=\"og:image:height\" content=\"291\" \/>\n\t<meta property=\"og:image:type\" content=\"image\/png\" \/>\n<meta name=\"twitter:card\" content=\"summary_large_image\" \/>\n<meta name=\"twitter:label1\" content=\"Dur\u00e9e de lecture estim\u00e9e\" \/>\n\t<meta name=\"twitter:data1\" content=\"1 minute\" \/>\n<script type=\"application\/ld+json\" class=\"yoast-schema-graph\">{\"@context\":\"https:\\\/\\\/schema.org\",\"@graph\":[{\"@type\":\"WebPage\",\"@id\":\"https:\\\/\\\/cuisinevoyageuse.fr\\\/?page_id=115\",\"url\":\"https:\\\/\\\/cuisinevoyageuse.fr\\\/?page_id=115\",\"name\":\"Plats sur commande - Cuisine voyageuse\",\"isPartOf\":{\"@id\":\"https:\\\/\\\/cuisinevoyageuse.fr\\\/#website\"},\"primaryImageOfPage\":{\"@id\":\"https:\\\/\\\/cuisinevoyageuse.fr\\\/?page_id=115#primaryimage\"},\"image\":{\"@id\":\"https:\\\/\\\/cuisinevoyageuse.fr\\\/?page_id=115#primaryimage\"},\"thumbnailUrl\":\"http:\\\/\\\/cuisinevoyageuse.fr\\\/wp-content\\\/uploads\\\/2026\\\/08\\\/buffet-01.png\",\"datePublished\":\"2026-08-31T09:58:25+00:00\",\"dateModified\":\"2026-08-31T12:38:48+00:00\",\"description\":\"Traiteur \u00e0 emporter, \u00e0 Die (Dr\u00f4me), traiteur \u00e9v\u00e9nementiel, cuisine \u00e0 domicile. Cuisine voyageuse, c'est l'histoire de Marthe et St\u00e9phane, cuisinier(\u00e8re)s de m\u00e9tiers, qui d\u00e9cident de mettre en commun leurs moyens et leur \u00e9nergie pour vous offrir, chacun \u00e0 leur mani\u00e8re, une cuisine g\u00e9n\u00e9reuse et riche de saveurs.\",\"breadcrumb\":{\"@id\":\"https:\\\/\\\/cuisinevoyageuse.fr\\\/?page_id=115#breadcrumb\"},\"inLanguage\":\"fr-FR\",\"potentialAction\":[{\"@type\":\"ReadAction\",\"target\":[\"https:\\\/\\\/cuisinevoyageuse.fr\\\/?page_id=115\"]}]},{\"@type\":\"ImageObject\",\"inLanguage\":\"fr-FR\",\"@id\":\"https:\\\/\\\/cuisinevoyageuse.fr\\\/?page_id=115#primaryimage\",\"url\":\"https:\\\/\\\/cuisinevoyageuse.fr\\\/wp-content\\\/uploads\\\/2026\\\/08\\\/buffet-01.png\",\"contentUrl\":\"https:\\\/\\\/cuisinevoyageuse.fr\\\/wp-content\\\/uploads\\\/2026\\\/08\\\/buffet-01.png\",\"width\":434,\"height\":291,\"caption\":\"buffet 01\"},{\"@type\":\"BreadcrumbList\",\"@id\":\"https:\\\/\\\/cuisinevoyageuse.fr\\\/?page_id=115#breadcrumb\",\"itemListElement\":[{\"@type\":\"ListItem\",\"position\":1,\"name\":\"Accueil\",\"item\":\"https:\\\/\\\/cuisinevoyageuse.fr\\\/\"},{\"@type\":\"ListItem\",\"position\":2,\"name\":\"Plats sur commande\"}]},{\"@type\":\"WebSite\",\"@id\":\"https:\\\/\\\/cuisinevoyageuse.fr\\\/#website\",\"url\":\"https:\\\/\\\/cuisinevoyageuse.fr\\\/\",\"name\":\"Cuisine voyageuse\",\"description\":\"Cuisine d&#039;ici, d&#039;ailleurs, chez vous\",\"publisher\":{\"@id\":\"https:\\\/\\\/cuisinevoyageuse.fr\\\/#organization\"},\"potentialAction\":[{\"@type\":\"SearchAction\",\"target\":{\"@type\":\"EntryPoint\",\"urlTemplate\":\"https:\\\/\\\/cuisinevoyageuse.fr\\\/?s={search_term_string}\"},\"query-input\":{\"@type\":\"PropertyValueSpecification\",\"valueRequired\":true,\"valueName\":\"search_term_string\"}}],\"inLanguage\":\"fr-FR\"},{\"@type\":\"Organization\",\"@id\":\"https:\\\/\\\/cuisinevoyageuse.fr\\\/#organization\",\"name\":\"Cuisine voyageuse\",\"url\":\"https:\\\/\\\/cuisinevoyageuse.fr\\\/\",\"logo\":{\"@type\":\"ImageObject\",\"inLanguage\":\"fr-FR\",\"@id\":\"https:\\\/\\\/cuisinevoyageuse.fr\\\/#\\\/schema\\\/logo\\\/image\\\/\",\"url\":\"https:\\\/\\\/cuisinevoyageuse.fr\\\/wp-content\\\/uploads\\\/2026\\\/08\\\/Logo-transparent.png\",\"contentUrl\":\"https:\\\/\\\/cuisinevoyageuse.fr\\\/wp-content\\\/uploads\\\/2026\\\/08\\\/Logo-transparent.png\",\"width\":859,\"height\":501,\"caption\":\"Cuisine voyageuse\"},\"image\":{\"@id\":\"https:\\\/\\\/cuisinevoyageuse.fr\\\/#\\\/schema\\\/logo\\\/image\\\/\"},\"sameAs\":[\"https:\\\/\\\/www.facebook.com\\\/profile.php?id=61563345862076\",\"https:\\\/\\\/www.instagram.com\\\/cuisinevoyageuse\\\/\"]}]}<\/script>\n<!-- \/ Yoast SEO plugin. -->","yoast_head_json":{"title":"Plats sur commande - Cuisine voyageuse","description":"Traiteur \u00e0 emporter, \u00e0 Die (Dr\u00f4me), traiteur \u00e9v\u00e9nementiel, cuisine \u00e0 domicile. Cuisine voyageuse, c'est l'histoire de Marthe et St\u00e9phane, cuisinier(\u00e8re)s de m\u00e9tiers, qui d\u00e9cident de mettre en commun leurs moyens et leur \u00e9nergie pour vous offrir, chacun \u00e0 leur mani\u00e8re, une cuisine g\u00e9n\u00e9reuse et riche de saveurs.","robots":{"index":"index","follow":"follow","max-snippet":"max-snippet:-1","max-image-preview":"max-image-preview:large","max-video-preview":"max-video-preview:-1"},"canonical":"https:\/\/cuisinevoyageuse.fr\/?page_id=115","og_locale":"fr_FR","og_type":"article","og_title":"Plats sur commande - Cuisine voyageuse","og_description":"Traiteur \u00e0 emporter, \u00e0 Die (Dr\u00f4me), traiteur \u00e9v\u00e9nementiel, cuisine \u00e0 domicile. Cuisine voyageuse, c'est l'histoire de Marthe et St\u00e9phane, cuisinier(\u00e8re)s de m\u00e9tiers, qui d\u00e9cident de mettre en commun leurs moyens et leur \u00e9nergie pour vous offrir, chacun \u00e0 leur mani\u00e8re, une cuisine g\u00e9n\u00e9reuse et riche de saveurs.","og_url":"https:\/\/cuisinevoyageuse.fr\/?page_id=115","og_site_name":"Cuisine voyageuse","article_publisher":"https:\/\/www.facebook.com\/profile.php?id=61563345862076","article_modified_time":"2026-08-31T12:38:48+00:00","og_image":[{"width":434,"height":291,"url":"https:\/\/cuisinevoyageuse.fr\/wp-content\/uploads\/2026\/08\/buffet-01.png","type":"image\/png"}],"twitter_card":"summary_large_image","twitter_misc":{"Dur\u00e9e de lecture estim\u00e9e":"1 minute"},"schema":{"@context":"https:\/\/schema.org","@graph":[{"@type":"WebPage","@id":"https:\/\/cuisinevoyageuse.fr\/?page_id=115","url":"https:\/\/cuisinevoyageuse.fr\/?page_id=115","name":"Plats sur commande - Cuisine voyageuse","isPartOf":{"@id":"https:\/\/cuisinevoyageuse.fr\/#website"},"primaryImageOfPage":{"@id":"https:\/\/cuisinevoyageuse.fr\/?page_id=115#primaryimage"},"image":{"@id":"https:\/\/cuisinevoyageuse.fr\/?page_id=115#primaryimage"},"thumbnailUrl":"http:\/\/cuisinevoyageuse.fr\/wp-content\/uploads\/2026\/08\/buffet-01.png","datePublished":"2026-08-31T09:58:25+00:00","dateModified":"2026-08-31T12:38:48+00:00","description":"Traiteur \u00e0 emporter, \u00e0 Die (Dr\u00f4me), traiteur \u00e9v\u00e9nementiel, cuisine \u00e0 domicile. Cuisine voyageuse, c'est l'histoire de Marthe et St\u00e9phane, cuisinier(\u00e8re)s de m\u00e9tiers, qui d\u00e9cident de mettre en commun leurs moyens et leur \u00e9nergie pour vous offrir, chacun \u00e0 leur mani\u00e8re, une cuisine g\u00e9n\u00e9reuse et riche de saveurs.","breadcrumb":{"@id":"https:\/\/cuisinevoyageuse.fr\/?page_id=115#breadcrumb"},"inLanguage":"fr-FR","potentialAction":[{"@type":"ReadAction","target":["https:\/\/cuisinevoyageuse.fr\/?page_id=115"]}]},{"@type":"ImageObject","inLanguage":"fr-FR","@id":"https:\/\/cuisinevoyageuse.fr\/?page_id=115#primaryimage","url":"https:\/\/cuisinevoyageuse.fr\/wp-content\/uploads\/2026\/08\/buffet-01.png","contentUrl":"https:\/\/cuisinevoyageuse.fr\/wp-content\/uploads\/2026\/08\/buffet-01.png","width":434,"height":291,"caption":"buffet 01"},{"@type":"BreadcrumbList","@id":"https:\/\/cuisinevoyageuse.fr\/?page_id=115#breadcrumb","itemListElement":[{"@type":"ListItem","position":1,"name":"Accueil","item":"https:\/\/cuisinevoyageuse.fr\/"},{"@type":"ListItem","position":2,"name":"Plats sur commande"}]},{"@type":"WebSite","@id":"https:\/\/cuisinevoyageuse.fr\/#website","url":"https:\/\/cuisinevoyageuse.fr\/","name":"Cuisine voyageuse","description":"Cuisine d&#039;ici, d&#039;ailleurs, chez vous","publisher":{"@id":"https:\/\/cuisinevoyageuse.fr\/#organization"},"potentialAction":[{"@type":"SearchAction","target":{"@type":"EntryPoint","urlTemplate":"https:\/\/cuisinevoyageuse.fr\/?s={search_term_string}"},"query-input":{"@type":"PropertyValueSpecification","valueRequired":true,"valueName":"search_term_string"}}],"inLanguage":"fr-FR"},{"@type":"Organization","@id":"https:\/\/cuisinevoyageuse.fr\/#organization","name":"Cuisine voyageuse","url":"https:\/\/cuisinevoyageuse.fr\/","logo":{"@type":"ImageObject","inLanguage":"fr-FR","@id":"https:\/\/cuisinevoyageuse.fr\/#\/schema\/logo\/image\/","url":"https:\/\/cuisinevoyageuse.fr\/wp-content\/uploads\/2026\/08\/Logo-transparent.png","contentUrl":"https:\/\/cuisinevoyageuse.fr\/wp-content\/uploads\/2026\/08\/Logo-transparent.png","width":859,"height":501,"caption":"Cuisine voyageuse"},"image":{"@id":"https:\/\/cuisinevoyageuse.fr\/#\/schema\/logo\/image\/"},"sameAs":["https:\/\/www.facebook.com\/profile.php?id=61563345862076","https:\/\/www.instagram.com\/cuisinevoyageuse\/"]}]}},"_links":{"self":[{"href":"https:\/\/cuisinevoyageuse.fr\/index.php?rest_route=\/wp\/v2\/pages\/115","targetHints":{"allow":["GET"]}}],"collection":[{"href":"https:\/\/cuisinevoyageuse.fr\/index.php?rest_route=\/wp\/v2\/pages"}],"about":[{"href":"https:\/\/cuisinevoyageuse.fr\/index.php?rest_route=\/wp\/v2\/types\/page"}],"author":[{"embeddable":true,"href":"https:\/\/cuisinevoyageuse.fr\/index.php?rest_route=\/wp\/v2\/users\/1"}],"replies":[{"embeddable":true,"href":"https:\/\/cuisinevoyageuse.fr\/index.php?rest_route=%2Fwp%2Fv2%2Fcomments&post=115"}],"version-history":[{"count":8,"href":"https:\/\/cuisinevoyageuse.fr\/index.php?rest_route=\/wp\/v2\/pages\/115\/revisions"}],"predecessor-version":[{"id":148,"href":"https:\/\/cuisinevoyageuse.fr\/index.php?rest_route=\/wp\/v2\/pages\/115\/revisions\/148"}],"wp:attachment":[{"href":"https:\/\/cuisinevoyageuse.fr\/index.php?rest_route=%2Fwp%2Fv2%2Fmedia&parent=115"}],"curies":[{"name":"wp","href":"https:\/\/api.w.org\/{rel}","templated":true}]}}