{"id":98,"date":"2026-08-31T11:47:38","date_gmt":"2026-08-31T11:47:38","guid":{"rendered":"https:\/\/cuisinevoyageuse.fr\/?page_id=98"},"modified":"2026-08-31T13:13:18","modified_gmt":"2026-08-31T13:13:18","slug":"index","status":"publish","type":"page","link":"https:\/\/cuisinevoyageuse.fr\/","title":{"rendered":"Index"},"content":{"rendered":"\n<h3 class=\"wp-block-heading\">Cuisine voyageuse,<\/h3>\n\n\n\n<p class=\"has-text-align-left wp-block-paragraph\">c&rsquo;est l&rsquo;histoire de <a href=\"https:\/\/cuisinevoyageuse.fr\/?page_id=10\" data-type=\"page\" data-id=\"10\">Marthe et St\u00e9phane<\/a>, cuisinier(\u00e8re)s de m\u00e9tiers, qui d\u00e9cident de mettre en commun leurs moyens et leur \u00e9nergie pour vous offrir, chacun \u00e0 leur mani\u00e8re, une cuisine g\u00e9n\u00e9reuse et riche de saveurs.<br><\/p>\n\n\n\n<div class=\"wp-block-group is-nowrap is-layout-flex wp-container-core-group-is-layout-995f960e wp-block-group-is-layout-flex\">\n<figure class=\"wp-block-image size-full\"><img loading=\"lazy\" decoding=\"async\" width=\"386\" height=\"386\" src=\"http:\/\/cuisinevoyageuse.fr\/wp-content\/uploads\/2026\/08\/Salade-choux-carotte.png\" alt=\"\" class=\"wp-image-132\" srcset=\"https:\/\/cuisinevoyageuse.fr\/wp-content\/uploads\/2026\/08\/Salade-choux-carotte.png 386w, https:\/\/cuisinevoyageuse.fr\/wp-content\/uploads\/2026\/08\/Salade-choux-carotte-300x300.png 300w, https:\/\/cuisinevoyageuse.fr\/wp-content\/uploads\/2026\/08\/Salade-choux-carotte-150x150.png 150w\" sizes=\"auto, (max-width: 386px) 100vw, 386px\" \/><\/figure>\n\n\n\n<figure class=\"wp-block-image size-full\"><img loading=\"lazy\" decoding=\"async\" width=\"371\" height=\"372\" src=\"http:\/\/cuisinevoyageuse.fr\/wp-content\/uploads\/2026\/08\/Salade-aubergine.png\" alt=\"Salade aubergine\" class=\"wp-image-131\" srcset=\"https:\/\/cuisinevoyageuse.fr\/wp-content\/uploads\/2026\/08\/Salade-aubergine.png 371w, https:\/\/cuisinevoyageuse.fr\/wp-content\/uploads\/2026\/08\/Salade-aubergine-300x300.png 300w, https:\/\/cuisinevoyageuse.fr\/wp-content\/uploads\/2026\/08\/Salade-aubergine-150x150.png 150w\" sizes=\"auto, (max-width: 371px) 100vw, 371px\" \/><\/figure>\n\n\n\n<figure class=\"wp-block-image size-full\"><img loading=\"lazy\" decoding=\"async\" width=\"371\" height=\"372\" src=\"http:\/\/cuisinevoyageuse.fr\/wp-content\/uploads\/2026\/08\/Salade-concombre.png\" alt=\"Salade concombre\" class=\"wp-image-130\" srcset=\"https:\/\/cuisinevoyageuse.fr\/wp-content\/uploads\/2026\/08\/Salade-concombre.png 371w, https:\/\/cuisinevoyageuse.fr\/wp-content\/uploads\/2026\/08\/Salade-concombre-300x300.png 300w, https:\/\/cuisinevoyageuse.fr\/wp-content\/uploads\/2026\/08\/Salade-concombre-150x150.png 150w\" sizes=\"auto, (max-width: 371px) 100vw, 371px\" \/><\/figure>\n<\/div>\n\n\n\n<p class=\"has-text-align-center has-background wp-block-paragraph\" style=\"border-top-left-radius:113px;border-top-right-radius:113px;border-bottom-left-radius:113px;border-bottom-right-radius:113px;background-color:#adc8b7\">Install\u00e9s \u00e0 Die, dans la Dr\u00f4me, nous pouvons nous d\u00e9placer en fonction de vos \u00e9v\u00e8nements, petits ou grands.  <\/p>\n\n\n\n<h2 class=\"wp-block-heading has-text-align-center\">Nous vous proposons<\/h2>\n\n\n\n<div class=\"wp-block-columns is-layout-flex wp-container-core-columns-is-layout-995f960e wp-block-columns-is-layout-flex\">\n<div class=\"wp-block-column is-layout-flow wp-block-column-is-layout-flow\" style=\"flex-basis:100%\">\n<p class=\"has-text-align-center has-medium-font-size wp-block-paragraph\">un service <a href=\"https:\/\/cuisinevoyageuse.fr\/?page_id=115\" data-type=\"page\" data-id=\"115\">traiteur \u00e0 la commande<\/a><br>des <a href=\"https:\/\/cuisinevoyageuse.fr\/?page_id=11\" data-type=\"page\" data-id=\"11\">plats disponibles \u00e0 emporter<\/a> chaque semaine<br>des prestations pour <a href=\"https:\/\/cuisinevoyageuse.fr\/?page_id=12\" data-type=\"page\" data-id=\"12\">\u00e9v\u00e9nementiels<\/a><br>la possibilit\u00e9 d\u2019avoir un(e) chef(fe) \u00e0 domicile<\/p>\n<\/div>\n<\/div>\n\n\n\n<p class=\"wp-block-paragraph\"><\/p>\n","protected":false},"excerpt":{"rendered":"<p>Cuisine voyageuse, c&rsquo;est l&rsquo;histoire de Marthe et St\u00e9phane, cuisinier(\u00e8re)s de m\u00e9tiers, qui d\u00e9cident de mettre en commun leurs moyens et leur \u00e9nergie pour vous offrir, chacun \u00e0 leur mani\u00e8re, une cuisine g\u00e9n\u00e9reuse et riche de saveurs.<\/p>\n","protected":false},"author":1,"featured_media":0,"parent":0,"menu_order":0,"comment_status":"closed","ping_status":"closed","template":"","meta":{"footnotes":""},"class_list":["post-98","page","type-page","status-publish","hentry"],"blocksy_meta":{"styles_descriptor":{"styles":{"desktop":"[data-prefix=\"single_page\"] .entry-header .page-title {--theme-font-size:30px;} [data-prefix=\"single_page\"] .entry-header .entry-meta {--theme-font-weight:600;--theme-text-transform:uppercase;--theme-font-size:12px;--theme-line-height:1.3;}","tablet":"","mobile":""},"google_fonts":[],"version":7},"has_hero_section":"enabled","hero_elements":[{"id":"custom_title","enabled":false,"heading_tag":"h1","title":"Accueil","__id":"ylrQp2_MzZJN0qfc9RoZ_"},{"id":"custom_description","enabled":false,"description_visibility":{"desktop":true,"tablet":true,"mobile":false},"__id":"EkC0z4oIm3RGkzLRh_6CM"},{"id":"custom_meta","enabled":false,"meta_elements":[{"id":"author","enabled":true,"label":"Par","has_author_avatar":"yes","avatar_size":25,"__id":"blrZCZfhBMCOTlnv5yFHy"},{"id":"post_date","enabled":true,"label":"Le","date_format_source":"default","date_format":"M j, Y","__id":"VWTnfjQSDO8g2XxY59uSy"},{"id":"updated_date","enabled":false,"label":"Le","date_format_source":"default","date_format":"M j, Y","__id":"zaGp-E7FSArKVyYKfG2TY"},{"id":"comments","enabled":true,"__id":"KeAWoTuxbT29D2spiMW63"}],"page_meta_elements":{"joined":true,"articles_count":true,"comments":true},"__id":"7RS-6EeoIOddebsKS6mgp"},{"id":"breadcrumbs","enabled":false,"__id":"D28SCEnFnvYLqL6s9iRMe"}]},"yoast_head":"<!-- This site is optimized with the Yoast SEO plugin v28.3 - https:\/\/yoast.com\/product\/yoast-seo-wordpress\/ -->\n<title>Index - Cuisine voyageuse<\/title>\n<meta name=\"description\" content=\"Traiteur \u00e0 emporter, \u00e0 Die (Dr\u00f4me), traiteur \u00e9v\u00e9nementiel, cuisine \u00e0 domicile. Cuisine voyageuse, c&#039;est l&#039;histoire de Marthe et St\u00e9phane, cuisinier(\u00e8re)s de m\u00e9tiers, qui d\u00e9cident de mettre en commun leurs moyens et leur \u00e9nergie pour vous offrir, chacun \u00e0 leur mani\u00e8re, une cuisine g\u00e9n\u00e9reuse et riche de saveurs.\" \/>\n<meta name=\"robots\" content=\"index, follow, max-snippet:-1, max-image-preview:large, max-video-preview:-1\" \/>\n<link rel=\"canonical\" href=\"https:\/\/cuisinevoyageuse.fr\/\" \/>\n<meta property=\"og:locale\" content=\"fr_FR\" \/>\n<meta property=\"og:type\" content=\"article\" \/>\n<meta property=\"og:title\" content=\"Index - Cuisine voyageuse\" \/>\n<meta property=\"og:description\" content=\"Traiteur \u00e0 emporter, \u00e0 Die (Dr\u00f4me), traiteur \u00e9v\u00e9nementiel, cuisine \u00e0 domicile. Cuisine voyageuse, c&#039;est l&#039;histoire de Marthe et St\u00e9phane, cuisinier(\u00e8re)s de m\u00e9tiers, qui d\u00e9cident de mettre en commun leurs moyens et leur \u00e9nergie pour vous offrir, chacun \u00e0 leur mani\u00e8re, une cuisine g\u00e9n\u00e9reuse et riche de saveurs.\" \/>\n<meta property=\"og:url\" content=\"https:\/\/cuisinevoyageuse.fr\/\" \/>\n<meta property=\"og:site_name\" content=\"Cuisine voyageuse\" \/>\n<meta property=\"article:publisher\" content=\"https:\/\/www.facebook.com\/profile.php?id=61563345862076\" \/>\n<meta property=\"article:modified_time\" content=\"2026-08-31T13:13:18+00:00\" \/>\n<meta property=\"og:image\" content=\"https:\/\/cuisinevoyageuse.fr\/wp-content\/uploads\/2026\/08\/Salade-choux-carotte.png\" \/>\n\t<meta property=\"og:image:width\" content=\"386\" \/>\n\t<meta property=\"og:image:height\" content=\"386\" \/>\n\t<meta property=\"og:image:type\" content=\"image\/png\" \/>\n<meta name=\"twitter:card\" content=\"summary_large_image\" \/>\n<meta name=\"twitter:label1\" content=\"Dur\u00e9e de lecture estim\u00e9e\" \/>\n\t<meta name=\"twitter:data1\" content=\"2 minutes\" \/>\n<script type=\"application\/ld+json\" class=\"yoast-schema-graph\">{\"@context\":\"https:\\\/\\\/schema.org\",\"@graph\":[{\"@type\":[\"WebPage\",\"ItemPage\"],\"@id\":\"https:\\\/\\\/cuisinevoyageuse.fr\\\/\",\"url\":\"https:\\\/\\\/cuisinevoyageuse.fr\\\/\",\"name\":\"Index - Cuisine voyageuse\",\"isPartOf\":{\"@id\":\"https:\\\/\\\/cuisinevoyageuse.fr\\\/#website\"},\"primaryImageOfPage\":{\"@id\":\"https:\\\/\\\/cuisinevoyageuse.fr\\\/#primaryimage\"},\"image\":{\"@id\":\"https:\\\/\\\/cuisinevoyageuse.fr\\\/#primaryimage\"},\"thumbnailUrl\":\"http:\\\/\\\/cuisinevoyageuse.fr\\\/wp-content\\\/uploads\\\/2026\\\/08\\\/Salade-choux-carotte.png\",\"datePublished\":\"2026-08-31T11:47:38+00:00\",\"dateModified\":\"2026-08-31T13:13:18+00:00\",\"description\":\"Traiteur \u00e0 emporter, \u00e0 Die (Dr\u00f4me), traiteur \u00e9v\u00e9nementiel, cuisine \u00e0 domicile. Cuisine voyageuse, c'est l'histoire de Marthe et St\u00e9phane, cuisinier(\u00e8re)s de m\u00e9tiers, qui d\u00e9cident de mettre en commun leurs moyens et leur \u00e9nergie pour vous offrir, chacun \u00e0 leur mani\u00e8re, une cuisine g\u00e9n\u00e9reuse et riche de saveurs.\",\"breadcrumb\":{\"@id\":\"https:\\\/\\\/cuisinevoyageuse.fr\\\/#breadcrumb\"},\"inLanguage\":\"fr-FR\",\"potentialAction\":[{\"@type\":\"ReadAction\",\"target\":[\"https:\\\/\\\/cuisinevoyageuse.fr\\\/\"]}]},{\"@type\":\"ImageObject\",\"inLanguage\":\"fr-FR\",\"@id\":\"https:\\\/\\\/cuisinevoyageuse.fr\\\/#primaryimage\",\"url\":\"https:\\\/\\\/cuisinevoyageuse.fr\\\/wp-content\\\/uploads\\\/2026\\\/08\\\/Salade-choux-carotte.png\",\"contentUrl\":\"https:\\\/\\\/cuisinevoyageuse.fr\\\/wp-content\\\/uploads\\\/2026\\\/08\\\/Salade-choux-carotte.png\",\"width\":386,\"height\":386},{\"@type\":\"BreadcrumbList\",\"@id\":\"https:\\\/\\\/cuisinevoyageuse.fr\\\/#breadcrumb\",\"itemListElement\":[{\"@type\":\"ListItem\",\"position\":1,\"name\":\"Accueil\",\"item\":\"https:\\\/\\\/cuisinevoyageuse.fr\\\/\"},{\"@type\":\"ListItem\",\"position\":2,\"name\":\"Index\"}]},{\"@type\":\"WebSite\",\"@id\":\"https:\\\/\\\/cuisinevoyageuse.fr\\\/#website\",\"url\":\"https:\\\/\\\/cuisinevoyageuse.fr\\\/\",\"name\":\"Cuisine voyageuse\",\"description\":\"Cuisine d&#039;ici, d&#039;ailleurs, chez vous\",\"publisher\":{\"@id\":\"https:\\\/\\\/cuisinevoyageuse.fr\\\/#organization\"},\"potentialAction\":[{\"@type\":\"SearchAction\",\"target\":{\"@type\":\"EntryPoint\",\"urlTemplate\":\"https:\\\/\\\/cuisinevoyageuse.fr\\\/?s={search_term_string}\"},\"query-input\":{\"@type\":\"PropertyValueSpecification\",\"valueRequired\":true,\"valueName\":\"search_term_string\"}}],\"inLanguage\":\"fr-FR\"},{\"@type\":\"Organization\",\"@id\":\"https:\\\/\\\/cuisinevoyageuse.fr\\\/#organization\",\"name\":\"Cuisine voyageuse\",\"url\":\"https:\\\/\\\/cuisinevoyageuse.fr\\\/\",\"logo\":{\"@type\":\"ImageObject\",\"inLanguage\":\"fr-FR\",\"@id\":\"https:\\\/\\\/cuisinevoyageuse.fr\\\/#\\\/schema\\\/logo\\\/image\\\/\",\"url\":\"https:\\\/\\\/cuisinevoyageuse.fr\\\/wp-content\\\/uploads\\\/2026\\\/08\\\/Logo-transparent.png\",\"contentUrl\":\"https:\\\/\\\/cuisinevoyageuse.fr\\\/wp-content\\\/uploads\\\/2026\\\/08\\\/Logo-transparent.png\",\"width\":859,\"height\":501,\"caption\":\"Cuisine voyageuse\"},\"image\":{\"@id\":\"https:\\\/\\\/cuisinevoyageuse.fr\\\/#\\\/schema\\\/logo\\\/image\\\/\"},\"sameAs\":[\"https:\\\/\\\/www.facebook.com\\\/profile.php?id=61563345862076\",\"https:\\\/\\\/www.instagram.com\\\/cuisinevoyageuse\\\/\"]}]}<\/script>\n<!-- \/ Yoast SEO plugin. -->","yoast_head_json":{"title":"Index - Cuisine voyageuse","description":"Traiteur \u00e0 emporter, \u00e0 Die (Dr\u00f4me), traiteur \u00e9v\u00e9nementiel, cuisine \u00e0 domicile. Cuisine voyageuse, c'est l'histoire de Marthe et St\u00e9phane, cuisinier(\u00e8re)s de m\u00e9tiers, qui d\u00e9cident de mettre en commun leurs moyens et leur \u00e9nergie pour vous offrir, chacun \u00e0 leur mani\u00e8re, une cuisine g\u00e9n\u00e9reuse et riche de saveurs.","robots":{"index":"index","follow":"follow","max-snippet":"max-snippet:-1","max-image-preview":"max-image-preview:large","max-video-preview":"max-video-preview:-1"},"canonical":"https:\/\/cuisinevoyageuse.fr\/","og_locale":"fr_FR","og_type":"article","og_title":"Index - Cuisine voyageuse","og_description":"Traiteur \u00e0 emporter, \u00e0 Die (Dr\u00f4me), traiteur \u00e9v\u00e9nementiel, cuisine \u00e0 domicile. Cuisine voyageuse, c'est l'histoire de Marthe et St\u00e9phane, cuisinier(\u00e8re)s de m\u00e9tiers, qui d\u00e9cident de mettre en commun leurs moyens et leur \u00e9nergie pour vous offrir, chacun \u00e0 leur mani\u00e8re, une cuisine g\u00e9n\u00e9reuse et riche de saveurs.","og_url":"https:\/\/cuisinevoyageuse.fr\/","og_site_name":"Cuisine voyageuse","article_publisher":"https:\/\/www.facebook.com\/profile.php?id=61563345862076","article_modified_time":"2026-08-31T13:13:18+00:00","og_image":[{"width":386,"height":386,"url":"https:\/\/cuisinevoyageuse.fr\/wp-content\/uploads\/2026\/08\/Salade-choux-carotte.png","type":"image\/png"}],"twitter_card":"summary_large_image","twitter_misc":{"Dur\u00e9e de lecture estim\u00e9e":"2 minutes"},"schema":{"@context":"https:\/\/schema.org","@graph":[{"@type":["WebPage","ItemPage"],"@id":"https:\/\/cuisinevoyageuse.fr\/","url":"https:\/\/cuisinevoyageuse.fr\/","name":"Index - Cuisine voyageuse","isPartOf":{"@id":"https:\/\/cuisinevoyageuse.fr\/#website"},"primaryImageOfPage":{"@id":"https:\/\/cuisinevoyageuse.fr\/#primaryimage"},"image":{"@id":"https:\/\/cuisinevoyageuse.fr\/#primaryimage"},"thumbnailUrl":"http:\/\/cuisinevoyageuse.fr\/wp-content\/uploads\/2026\/08\/Salade-choux-carotte.png","datePublished":"2026-08-31T11:47:38+00:00","dateModified":"2026-08-31T13:13:18+00:00","description":"Traiteur \u00e0 emporter, \u00e0 Die (Dr\u00f4me), traiteur \u00e9v\u00e9nementiel, cuisine \u00e0 domicile. Cuisine voyageuse, c'est l'histoire de Marthe et St\u00e9phane, cuisinier(\u00e8re)s de m\u00e9tiers, qui d\u00e9cident de mettre en commun leurs moyens et leur \u00e9nergie pour vous offrir, chacun \u00e0 leur mani\u00e8re, une cuisine g\u00e9n\u00e9reuse et riche de saveurs.","breadcrumb":{"@id":"https:\/\/cuisinevoyageuse.fr\/#breadcrumb"},"inLanguage":"fr-FR","potentialAction":[{"@type":"ReadAction","target":["https:\/\/cuisinevoyageuse.fr\/"]}]},{"@type":"ImageObject","inLanguage":"fr-FR","@id":"https:\/\/cuisinevoyageuse.fr\/#primaryimage","url":"https:\/\/cuisinevoyageuse.fr\/wp-content\/uploads\/2026\/08\/Salade-choux-carotte.png","contentUrl":"https:\/\/cuisinevoyageuse.fr\/wp-content\/uploads\/2026\/08\/Salade-choux-carotte.png","width":386,"height":386},{"@type":"BreadcrumbList","@id":"https:\/\/cuisinevoyageuse.fr\/#breadcrumb","itemListElement":[{"@type":"ListItem","position":1,"name":"Accueil","item":"https:\/\/cuisinevoyageuse.fr\/"},{"@type":"ListItem","position":2,"name":"Index"}]},{"@type":"WebSite","@id":"https:\/\/cuisinevoyageuse.fr\/#website","url":"https:\/\/cuisinevoyageuse.fr\/","name":"Cuisine voyageuse","description":"Cuisine d&#039;ici, d&#039;ailleurs, chez vous","publisher":{"@id":"https:\/\/cuisinevoyageuse.fr\/#organization"},"potentialAction":[{"@type":"SearchAction","target":{"@type":"EntryPoint","urlTemplate":"https:\/\/cuisinevoyageuse.fr\/?s={search_term_string}"},"query-input":{"@type":"PropertyValueSpecification","valueRequired":true,"valueName":"search_term_string"}}],"inLanguage":"fr-FR"},{"@type":"Organization","@id":"https:\/\/cuisinevoyageuse.fr\/#organization","name":"Cuisine voyageuse","url":"https:\/\/cuisinevoyageuse.fr\/","logo":{"@type":"ImageObject","inLanguage":"fr-FR","@id":"https:\/\/cuisinevoyageuse.fr\/#\/schema\/logo\/image\/","url":"https:\/\/cuisinevoyageuse.fr\/wp-content\/uploads\/2026\/08\/Logo-transparent.png","contentUrl":"https:\/\/cuisinevoyageuse.fr\/wp-content\/uploads\/2026\/08\/Logo-transparent.png","width":859,"height":501,"caption":"Cuisine voyageuse"},"image":{"@id":"https:\/\/cuisinevoyageuse.fr\/#\/schema\/logo\/image\/"},"sameAs":["https:\/\/www.facebook.com\/profile.php?id=61563345862076","https:\/\/www.instagram.com\/cuisinevoyageuse\/"]}]}},"_links":{"self":[{"href":"https:\/\/cuisinevoyageuse.fr\/index.php?rest_route=\/wp\/v2\/pages\/98","targetHints":{"allow":["GET"]}}],"collection":[{"href":"https:\/\/cuisinevoyageuse.fr\/index.php?rest_route=\/wp\/v2\/pages"}],"about":[{"href":"https:\/\/cuisinevoyageuse.fr\/index.php?rest_route=\/wp\/v2\/types\/page"}],"author":[{"embeddable":true,"href":"https:\/\/cuisinevoyageuse.fr\/index.php?rest_route=\/wp\/v2\/users\/1"}],"replies":[{"embeddable":true,"href":"https:\/\/cuisinevoyageuse.fr\/index.php?rest_route=%2Fwp%2Fv2%2Fcomments&post=98"}],"version-history":[{"count":3,"href":"https:\/\/cuisinevoyageuse.fr\/index.php?rest_route=\/wp\/v2\/pages\/98\/revisions"}],"predecessor-version":[{"id":152,"href":"https:\/\/cuisinevoyageuse.fr\/index.php?rest_route=\/wp\/v2\/pages\/98\/revisions\/152"}],"wp:attachment":[{"href":"https:\/\/cuisinevoyageuse.fr\/index.php?rest_route=%2Fwp%2Fv2%2Fmedia&parent=98"}],"curies":[{"name":"wp","href":"https:\/\/api.w.org\/{rel}","templated":true}]}}